{"id":311,"date":"2021-03-13T21:57:55","date_gmt":"2021-03-13T20:57:55","guid":{"rendered":"http:\/\/darrigan.net\/blog\/?page_id=311"},"modified":"2025-10-31T12:09:16","modified_gmt":"2025-10-31T11:09:16","slug":"revue-de-presse","status":"publish","type":"page","link":"https:\/\/darrigan.net\/blog\/cv\/revue-de-presse\/","title":{"rendered":"Revue de presse"},"content":{"rendered":"<h2>Par ordre r\u00e9trochronologique<\/h2>\n<ul>\n<li>La R\u00e9publique des Pyr\u00e9n\u00e9es, 29 octobre 2025 :\n<ul>\n<li><a href=\"https:\/\/www.larepubliquedespyrenees.fr\/pyrenees-atlantiques\/nay\/nay-la-causerie-sur-l-eau-revele-une-fragilite-insoupconnee-26494315.php\" target=\"_blank\" rel=\"noopener\">Nay : la causerie sur l\u2019eau r\u00e9v\u00e8le une fragilit\u00e9 insoup\u00e7onn\u00e9e<\/a>\u00a0 (version \u00e9lectronique)<\/li>\n<\/ul>\n<\/li>\n<li>La R\u00e9publique des Pyr\u00e9n\u00e9es, 09 octobre 2025 :\n<ul>\n<li><a href=\"https:\/\/darrigan.net\/presse\/2025-10-09-RP.pdf\" class=\"mtli_attachment mtli_pdf\" target=\"_blank\" rel=\"noopener\">Deuxi\u00e8me s\u00e9ance des Causeries du Mardi du Lions Club de Nay<\/a>\u00a0 (version \u00e9lectronique)<\/li>\n<\/ul>\n<\/li>\n<li>La R\u00e9publique des Pyr\u00e9n\u00e9es, 25 septembre 2025 :\n<ul>\n<li><a href=\"https:\/\/darrigan.net\/presse\/2025-09-25-RP.pdf\" class=\"mtli_attachment mtli_pdf\" target=\"_blank\" rel=\"noopener\">Pays de Nay : une rentr\u00e9e culturelle pour le Lions Club de Nay l\u2019Arrib\u00e8re<\/a>\u00a0 (version \u00e9lectronique)<\/li>\n<\/ul>\n<\/li>\n<li>France 3 Pau Sud Aquitaine, 14 d\u00e9cembre 2022 :\n<ul>\n<li><a href=\"https:\/\/www.france.tv\/france-3\/nouvelle-aquitaine\/19-20-pau-sud-aquitaine\/4437088-emission-du-mercredi-14-decembre-2022.html\" target=\"_blank\" rel=\"noopener\">Analyse du berceau d&rsquo;Henri IV au Ch\u00e2teau de Pau<\/a> (replay) (\u00e0 partir de 4&rsquo;25\u00a0\u00bb environ) &#8211; <a href=\"https:\/\/darrigan.net\/blog\/wp-content\/uploads\/2023\/01\/Capture-de\u0301cran-2023-01-11-a\u0300-21.01.55.png\">Image<\/a><\/li>\n<\/ul>\n<\/li>\n<li>La R\u00e9publique des Pyr\u00e9n\u00e9es, 22 octobre 2022 :\n<ul>\n<li><a href=\"https:\/\/www.larepubliquedespyrenees.fr\/pyrenees-atlantiques\/arthez-dasson\/arthez-d-asson-fer-et-savoir-faire-a-fete-la-science-au-chateau-de-pau-12650979.php\" target=\"_blank\" rel=\"noopener\">Fer et Savoir Faire a f\u00eat\u00e9 la science au ch\u00e2teau de Pau<\/a> (version \u00e9lectronique)<\/li>\n<\/ul>\n<\/li>\n<li>La R\u00e9publique des Pyr\u00e9n\u00e9es, 20 mai 2021 :\n<ul>\n<li><a href=\"https:\/\/www.larepubliquedespyrenees.fr\/2021\/05\/21\/pau-l-uppa-presente-son-portail-des-collections,2820518.php\" target=\"_blank\" rel=\"noopener\">Pau\u00a0: l\u2019UPPA pr\u00e9sente son \u00ab\u00a0Portail des collections\u00a0\u00bb<\/a> (version \u00e9lectronique)<\/li>\n<\/ul>\n<\/li>\n<li>La R\u00e9publique des Pyr\u00e9n\u00e9es, 2 f\u00e9vrier 2021 :\n<ul>\n<li><a href=\"https:\/\/darrigan.net\/presse\/2021-02-02-RP.jpg\" target=\"_blank\" rel=\"noopener\">Des dizaines de photos \u00e0 red\u00e9couvrir<\/a> (version \u00e9lectronique)<\/li>\n<\/ul>\n<\/li>\n<li>Sud Ouest, 22 d\u00e9cembre 2020 :\n<ul>\n<li><a href=\"https:\/\/www.sudouest.fr\/2020\/12\/22\/pau-uppa-l-universite-est-a-la-recherche-de-ses-anciens-etudiants-8218832-4344.php\" target=\"_blank\" rel=\"noopener\">Pau\/UPPA : l&rsquo;universit\u00e9 est \u00e0 la recherche de ses anciens \u00e9tudiants<\/a> (version \u00e9lectronique)<\/li>\n<\/ul>\n<\/li>\n<li>La R\u00e9publique des Pyr\u00e9n\u00e9es, 21 novembre 2019 :\n<ul>\n<li><a href=\"https:\/\/darrigan.net\/presse\/2019-11-21-RP.png\" target=\"_blank\" rel=\"noopener\">\u00c0 l&rsquo;universit\u00e9, \u00ab retour vers le futur \u00bb pour les ordinateurs du pass\u00e9<\/a><\/li>\n<\/ul>\n<\/li>\n<li>La R\u00e9publique des Pyr\u00e9n\u00e9es, 18 novembre 2019 :\n<ul>\n<li><a href=\"https:\/\/darrigan.net\/presse\/2019-11-18-RP.pdf\" class=\"mtli_attachment mtli_pdf\" target=\"_blank\" rel=\"noopener\">\u00ab 3615 UPPA \u00bb en direct de l&rsquo;universit\u00e9 d\u00e8s mardi<\/a> (version \u00e9lectronique)<\/li>\n<\/ul>\n<\/li>\n<li>Les id\u00e9es m\u00e8nent le monde, 18 novembre 2018 :\n<ul>\n<li><a href=\"https:\/\/darrigan.net\/presse\/2018-11-18-LIMLM.jpg\" target=\"_blank\" rel=\"noopener\">Un dialogue entre math\u00e9matiques et chimie<\/a><\/li>\n<\/ul>\n<\/li>\n<li>Sud Ouest, 8 octobre 2015 :\n<ul>\n<li><a href=\"https:\/\/darrigan.net\/presse\/2015-10-08-SO.jpg\" target=\"_blank\" rel=\"noopener\">Le village des sciences s&rsquo;installe ce week-end<\/a><\/li>\n<\/ul>\n<\/li>\n<li>Sud Ouest, 16 octobre 2014 :\n<ul>\n<li><a href=\"https:\/\/darrigan.net\/presse\/2014-10-16-SOweb.pdf\" class=\"mtli_attachment mtli_pdf\" target=\"_blank\" rel=\"noopener\">Le village des sciences, ce week-end \u00e0 Pau<\/a> (version \u00e9lectronique)<\/li>\n<\/ul>\n<\/li>\n<li>Pau.fr, 9 octobre 2014 :\n<ul>\n<li><a href=\"https:\/\/darrigan.net\/presse\/2014-10-09-Pau.fr.pdf\" class=\"mtli_attachment mtli_pdf\" target=\"_blank\" rel=\"noopener\">Le labo Clemenceau<\/a> (version \u00e9lectronique)<\/li>\n<\/ul>\n<\/li>\n<li>Sud Ouest, 20 d\u00e9cembre 2012 :\n<ul>\n<li><a href=\"https:\/\/darrigan.net\/presse\/2012-12-20-SOweb.pdf\" class=\"mtli_attachment mtli_pdf\" target=\"_blank\" rel=\"noopener\">La fin de la fin du monde<\/a>\u00a0(version \u00e9lectronique)<\/li>\n<\/ul>\n<\/li>\n<li>Le nouvel Observateur, 07 d\u00e9cembre 2012 :\n<ul>\n<li><a href=\"https:\/\/www.sciencesetavenir.fr\/decouvrir\/tele-cinema\/breaking-bad-immersion-dans-la-chimie-de-laboratoire_36779\" target=\"_blank\" rel=\"noopener\">\u00ab\u00a0Breaking Bad\u00a0\u00bb : immersion dans la chimie de laboratoire\u00a0\u00bb<\/a>\u00a0(en ligne)<\/li>\n<\/ul>\n<\/li>\n<li>Sud Ouest, 22 octobre 2012 :\n<ul>\n<li><a href=\"https:\/\/darrigan.net\/presse\/2012-10-22-SOweb.pdf\" class=\"mtli_attachment mtli_pdf\" target=\"_blank\" rel=\"noopener\">La m\u00e9diath\u00e8que parfum chocolat<\/a> (version \u00e9lectronique)<\/li>\n<\/ul>\n<\/li>\n<li>La R\u00e9publique des Pyr\u00e9n\u00e9es, 10 octobre 2012 :\n<ul>\n<li><a href=\"https:\/\/darrigan.net\/presse\/2012-10-10-RPweb.pdf\" class=\"mtli_attachment mtli_pdf\" target=\"_blank\" rel=\"noopener\">Pau : l&rsquo;\u00e9nergie au menu des sciences en f\u00eate<\/a><\/li>\n<\/ul>\n<\/li>\n<li>Sud Ouest, 4 avril 2012 :\n<ul>\n<li><a href=\"https:\/\/darrigan.net\/presse\/2012-04-04-SOweb.pdf\" class=\"mtli_attachment mtli_pdf\" target=\"_blank\" rel=\"noopener\">Les sens en libert\u00e9<\/a> (version \u00e9lectronique)<\/li>\n<\/ul>\n<\/li>\n<li>Sud Ouest, 21 novembre 2011 :\n<ul>\n<li><a href=\"https:\/\/darrigan.net\/presse\/2011-11-21-SOweb.pdf\" class=\"mtli_attachment mtli_pdf\" target=\"_blank\" rel=\"noopener\">Bon comme le pain<\/a>\u00a0(version \u00e9lectronique)<\/li>\n<\/ul>\n<\/li>\n<li>La R\u00e9publique des Pyr\u00e9n\u00e9es, 17 novembre 2011 :\n<ul>\n<li><a href=\"https:\/\/darrigan.net\/presse\/2011-11-17-RP.jpg\" target=\"_blank\" rel=\"noopener\">Atelier scientifique \u00e0 la m\u00e9diath\u00e8que<\/a><\/li>\n<\/ul>\n<\/li>\n<li>Sud Ouest, 15 octobre 2011 :\n<ul>\n<li><a href=\"https:\/\/darrigan.net\/presse\/2011-10-15-SOweb.pdf\" class=\"mtli_attachment mtli_pdf\" target=\"_blank\" rel=\"noopener\">Pau : la F\u00eate de la science ce samedi place Clemenceau<\/a>\u00a0(version \u00e9lectronique)<\/li>\n<\/ul>\n<\/li>\n<li>La R\u00e9publique des Pyr\u00e9n\u00e9es, 14 octobre 2011 :\n<ul>\n<li><a href=\"https:\/\/darrigan.net\/presse\/2011-10-14-RPweb.pdf\" class=\"mtli_attachment mtli_pdf\" target=\"_blank\" rel=\"noopener\">Le B\u00e9arn est une r\u00e9gion \u00e0 t\u00eates chercheuses<\/a>\u00a0(version \u00e9lectronique)<\/li>\n<\/ul>\n<\/li>\n<li>Sud Ouest, 12 octobre 2011 :\n<ul>\n<li><a href=\"https:\/\/darrigan.net\/presse\/2011-10-12-SOweb.pdf\" class=\"mtli_attachment mtli_pdf\" target=\"_blank\" rel=\"noopener\">La F\u00eate de la science s&rsquo;\u00e9clate dans toute la ville<\/a>\u00a0(version \u00e9lectronique)<\/li>\n<\/ul>\n<\/li>\n<li>Sud Ouest, 13 avril 2011 :\n<ul>\n<li><a href=\"https:\/\/darrigan.net\/presse\/2011-04-13-SOweb.pdf\" class=\"mtli_attachment mtli_pdf\" target=\"_blank\" rel=\"noopener\">La vie en estive en langue des signes<\/a>\u00a0(version \u00e9lectronique)<\/li>\n<\/ul>\n<\/li>\n<li>La R\u00e9publique des Pyr\u00e9n\u00e9es, 16 mars 2011 :\n<ul>\n<li><a href=\"https:\/\/darrigan.net\/presse\/2011-03-16-RPweb.pdf\" class=\"mtli_attachment mtli_pdf\" target=\"_blank\" rel=\"noopener\">Lembeye : une dr\u00f4le de cuisine<\/a>\u00a0(version \u00e9lectronique)<\/li>\n<\/ul>\n<\/li>\n<li>La R\u00e9publique des Pyr\u00e9n\u00e9es, 11 mars 2011 :\n<ul>\n<li><a href=\"https:\/\/darrigan.net\/presse\/2011-03-11-PP.jpg\" target=\"_blank\" rel=\"noopener\">Caf\u00e9 des sciences : la cuisine mol\u00e9culaire<\/a><\/li>\n<\/ul>\n<\/li>\n<li>Sud Ouest, 13 janvier 2011 :\n<ul>\n<li><a href=\"https:\/\/darrigan.net\/presse\/2011-01-13-SOweb.pdf\" class=\"mtli_attachment mtli_pdf\" target=\"_blank\" rel=\"noopener\">Clovis Darrigan, guide inspir\u00e9 pour une science amusante<\/a><\/li>\n<\/ul>\n<\/li>\n<li>L&rsquo;\u00c9clair, 31 d\u00e9cembre 2010 &#8211; 2 janvier 2011 :\n<ul>\n<li><a href=\"https:\/\/darrigan.net\/presse\/2010-12-31-E.jpg\" target=\"_blank\" rel=\"noopener\">Le site d&rsquo;Anima-Science prim\u00e9<\/a><\/li>\n<\/ul>\n<\/li>\n<li>Sud Ouest, 9 d\u00e9cembre 2010 :\n<ul>\n<li><a href=\"https:\/\/darrigan.net\/presse\/2010-12-09-SO.jpg\" target=\"_blank\" rel=\"noopener\">Clovis Darrigan, prix Roberval<\/a><\/li>\n<\/ul>\n<\/li>\n<li>La R\u00e9publique des Pyr\u00e9n\u00e9es, 26 octobre 2010 :\n<ul>\n<li><a href=\"https:\/\/darrigan.net\/presse\/2010-10-26-RPweb.pdf\" class=\"mtli_attachment mtli_pdf\" target=\"_blank\" rel=\"noopener\">Les sciences s&rsquo;amusent sur le campus palois<\/a>\u00a0(version \u00e9lectronique)<\/li>\n<\/ul>\n<\/li>\n<li>Sud Ouest, 26 octobre 2010 :\n<ul>\n<li><a href=\"https:\/\/darrigan.net\/presse\/2010-10-26-SOweb.pdf\" class=\"mtli_attachment mtli_pdf\" target=\"_blank\" rel=\"noopener\">Tout sur le cochon<\/a>\u00a0(version \u00e9lectronique)<\/li>\n<\/ul>\n<\/li>\n<li>La R\u00e9publique des Pyr\u00e9n\u00e9es, 18 octobre 2010 :\n<ul>\n<li><a href=\"https:\/\/darrigan.net\/presse\/2010-10-18-RP.pdf\" class=\"mtli_attachment mtli_pdf\" target=\"_blank\" rel=\"noopener\">La science \u00e0 la F\u00eate au campus de Pau<\/a>\u00a0(version \u00e9lectronique)<\/li>\n<\/ul>\n<\/li>\n<li>Sud Ouest, 14 octobre 2010 :\n<ul>\n<li><a href=\"https:\/\/darrigan.net\/presse\/2010-10-14-SOweb.pdf\" class=\"mtli_attachment mtli_pdf\" target=\"_blank\" rel=\"noopener\">Les scientifiques s&rsquo;ouvrent<\/a>\u00a0(version \u00e9lectronique)<\/li>\n<\/ul>\n<\/li>\n<li>Sud Ouest, 25 septembre 2010 :\n<ul>\n<li><a href=\"https:\/\/darrigan.net\/presse\/2010-09-25-SOweb.pdf\" class=\"mtli_attachment mtli_pdf\" target=\"_blank\" rel=\"noopener\">Un patrimoine \u00e0 d\u00e9guster<\/a>\u00a0(version \u00e9lectronique)<\/li>\n<\/ul>\n<\/li>\n<li>Sud Ouest, B\u00e9arn et Soule, 14 f\u00e9vrier 2010 :\n<ul>\n<li><a href=\"https:\/\/darrigan.net\/presse\/2010-02-15-SO.jpg\" target=\"_blank\" rel=\"noopener\">Nourritures terrestres : \u00e0 la d\u00e9couverte du miel<\/a><\/li>\n<li><a href=\"https:\/\/darrigan.net\/presse\/2010-02-15-SOweb.jpg\" target=\"_blank\" rel=\"noopener\">(version \u00e9lectronique)<\/a><\/li>\n<\/ul>\n<\/li>\n<li>La R\u00e9publique des Pyr\u00e9n\u00e9es, 27 novembre 2009 :\n<ul>\n<li><a href=\"https:\/\/darrigan.net\/presse\/2009-11-27-RP.jpg\" target=\"_blank\" rel=\"noopener\">Sobegi f\u00eate la science<\/a><\/li>\n<\/ul>\n<\/li>\n<li>Sud Ouest, B\u00e9arn et Soule, 14 novembre 2009 :\n<ul>\n<li><a href=\"https:\/\/darrigan.net\/presse\/2009-11-14-SO.jpg\" target=\"_blank\" rel=\"noopener\">F\u00eate de la science<\/a><\/li>\n<\/ul>\n<\/li>\n<li>Sud Ouest, Landes, 7 mars 2009 :\n<ul>\n<li><a href=\"https:\/\/darrigan.net\/presse\/2009-03-07-SO.jpg\" target=\"_blank\" rel=\"noopener\">Chimie amusante<\/a><\/li>\n<\/ul>\n<\/li>\n<li>Drancy Imm\u00e9diat mars 2009 :\n<ul>\n<li><a href=\"https:\/\/darrigan.net\/presse\/2009-03-DI.jpg\" target=\"_blank\" rel=\"noopener\">Chimie \u00e0 Drancy<\/a><\/li>\n<\/ul>\n<\/li>\n<li>Sud Ouest, B\u00e9arn et Soule, 15 mai 2008 :\n<ul>\n<li><a href=\"https:\/\/darrigan.net\/presse\/2008-05-15-SO.jpg\" target=\"_blank\" rel=\"noopener\">R\u00e9cup\u00e9rateur de m\u00e9moire<\/a><\/li>\n<\/ul>\n<\/li>\n<li>Sud Ouest, B\u00e9arn et Soule, 09 octobre 2007 :\n<ul>\n<li><a href=\"https:\/\/darrigan.net\/presse\/2007-10-09-SO.jpg\" target=\"_blank\" rel=\"noopener\">Exposition : La g\u00e9ologie vue du ciel<\/a><\/li>\n<\/ul>\n<\/li>\n<li>La R\u00e9publique des Pyr\u00e9n\u00e9es, 09 octobre 2007 :\n<ul>\n<li><a href=\"https:\/\/darrigan.net\/presse\/2007-10-09-RP1.jpg\" target=\"_blank\" rel=\"noopener\">F\u00eate de la science 1<\/a><\/li>\n<li><a href=\"https:\/\/darrigan.net\/presse\/2007-10-09-RP2.jpg\" target=\"_blank\" rel=\"noopener\">F\u00eate de la science 2<\/a><\/li>\n<\/ul>\n<\/li>\n<li>Sud Ouest, B\u00e9arn et Soule, 08 octobre 2007 :\n<ul>\n<li><a href=\"https:\/\/darrigan.net\/presse\/2007-10-08-SO.jpg\" target=\"_blank\" rel=\"noopener\">F\u00eate de la science<\/a><\/li>\n<\/ul>\n<\/li>\n<li>La R\u00e9publique des Pyr\u00e9n\u00e9es et L&rsquo;\u00c9clair, 06-07 octobre 2007 :\n<ul>\n<li><a href=\"https:\/\/darrigan.net\/presse\/2007-10-06-07-RP.jpg\" target=\"_blank\" rel=\"noopener\">L&rsquo;invit\u00e9<\/a><\/li>\n<\/ul>\n<\/li>\n<li>La R\u00e9publique des Pyr\u00e9n\u00e9es, 29 juin 2007 :\n<ul>\n<li><a href=\"https:\/\/darrigan.net\/presse\/2007-06-29-RP.jpg\" target=\"_blank\" rel=\"noopener\">Olympiades de la Chimie de Pau<\/a><\/li>\n<\/ul>\n<\/li>\n<li>La R\u00e9publique des Pyr\u00e9n\u00e9es et L&rsquo;\u00c9clair, 10 octobre 2006 :\n<ul>\n<li><a href=\"https:\/\/darrigan.net\/presse\/2006-10-10-RP1.jpg\" target=\"_blank\" rel=\"noopener\">F\u00eate de la science 1<\/a><\/li>\n<li><a href=\"https:\/\/darrigan.net\/presse\/2006-10-10-RP2.jpg\" target=\"_blank\" rel=\"noopener\">F\u00eate de la science 2<\/a><\/li>\n<li><a href=\"https:\/\/darrigan.net\/presse\/2006-10-10-RP3.jpg\" target=\"_blank\" rel=\"noopener\">F\u00eate de la science 3<\/a><\/li>\n<li><a href=\"https:\/\/darrigan.net\/presse\/2006-10-10-RP4.jpg\" target=\"_blank\" rel=\"noopener\">Lignes de science<\/a><\/li>\n<\/ul>\n<\/li>\n<li>Sud Ouest, 26 ao\u00fbt 2006 :\n<ul>\n<li><a href=\"https:\/\/darrigan.net\/presse\/2006-08-26-SO1.jpg\" target=\"_blank\" rel=\"noopener\">Animation \u00ab\u00a0Les basses temp\u00e9ratures\u00a0\u00bb 1<\/a><\/li>\n<li><a href=\"https:\/\/darrigan.net\/presse\/2006-08-26-SO2.jpg\" target=\"_blank\" rel=\"noopener\">Animation \u00ab\u00a0Les basses temp\u00e9ratures\u00a0\u00bb 2<\/a><\/li>\n<\/ul>\n<\/li>\n<li>Le Parisien, Paris, 24 juillet 2006 :\n<ul>\n<li><a href=\"https:\/\/darrigan.net\/presse\/2006-07-24-LP.jpg\" target=\"_blank\" rel=\"noopener\">Paris-Montagne<\/a><\/li>\n<\/ul>\n<\/li>\n<li>Bulletin Info Science, revue de l&rsquo;Universit\u00e9 de Bordeaux, octobre 2005 :\n<ul>\n<li><a href=\"https:\/\/darrigan.net\/presse\/2005-10-BIS.pdf\" class=\"mtli_attachment mtli_pdf\" target=\"_blank\" rel=\"noopener\">Chimie en f\u00eate<\/a><\/li>\n<\/ul>\n<\/li>\n<li>Sud Ouest, Bordeaux, 19 f\u00e9vrier 2005 :\n<ul>\n<li><a href=\"https:\/\/darrigan.net\/presse\/2005-02-19-SO-Bordeaux.jpg\" target=\"_blank\" rel=\"noopener\">Chimie en f\u00eate<\/a><\/li>\n<\/ul>\n<\/li>\n<li>Sud Ouest, Bordeaux, 17 f\u00e9vrier 2005 :\n<ul>\n<li><a href=\"https:\/\/darrigan.net\/presse\/2005-02-17-SO-Bordeaux.jpg\" target=\"_blank\" rel=\"noopener\">Chimie en f\u00eate<\/a><\/li>\n<\/ul>\n<\/li>\n<li>La R\u00e9publique des Pyr\u00e9n\u00e9es, 10 d\u00e9cembre 2004 :\n<ul>\n<li><a href=\"https:\/\/darrigan.net\/presse\/2004-12-10-RP.jpg\" target=\"_blank\" rel=\"noopener\">Sciences et techniques<\/a><\/li>\n<\/ul>\n<\/li>\n<li>La R\u00e9publique des Pyr\u00e9n\u00e9es, 24 mai 2002 :\n<ul>\n<li><a href=\"https:\/\/darrigan.net\/presse\/2002-05-24-RP.jpg\" target=\"_blank\" rel=\"noopener\">Sciences<\/a><\/li>\n<\/ul>\n<\/li>\n<li>La R\u00e9publique des Pyr\u00e9n\u00e9es, octobre 2000 :\n<ul>\n<li><a href=\"https:\/\/darrigan.net\/presse\/2000-10-RP-2.jpg\" target=\"_blank\" rel=\"noopener\">F\u00eate de la science &#8211; Les apprentis sorciers<\/a><\/li>\n<\/ul>\n<ul>\n<li><a href=\"https:\/\/darrigan.net\/presse\/2000-10-RP-1.jpg\" target=\"_blank\" rel=\"noopener\">Une<\/a><\/li>\n<\/ul>\n<\/li>\n<li>La R\u00e9publique des Pyr\u00e9n\u00e9es, mai 1993 :\n<ul>\n<li><a href=\"https:\/\/darrigan.net\/presse\/1993-05-RP.jpg\" target=\"_blank\" rel=\"noopener\">Olympiades de la Chimie de Pau<\/a><\/li>\n<\/ul>\n<\/li>\n<li>Sud Ouest, mai 1993 :\n<ul>\n<li><a href=\"https:\/\/darrigan.net\/presse\/1993-05-SO.jpg\" target=\"_blank\" rel=\"noopener\">Olympiades de la Chimie de Pau<\/a><\/li>\n<\/ul>\n<\/li>\n<\/ul>\n","protected":false},"excerpt":{"rendered":"<p>Par ordre r\u00e9trochronologique La R\u00e9publique des Pyr\u00e9n\u00e9es, 29 octobre 2025 : Nay : la causerie sur l\u2019eau r\u00e9v\u00e8le une fragilit\u00e9 insoup\u00e7onn\u00e9e\u00a0 (version \u00e9lectronique) La R\u00e9publique des Pyr\u00e9n\u00e9es, 09 octobre 2025 : Deuxi\u00e8me s\u00e9ance des Causeries du Mardi du Lions Club de Nay\u00a0 (version \u00e9lectronique) La R\u00e9publique des Pyr\u00e9n\u00e9es, 25 septembre 2025 : Pays de Nay [&hellip;]<\/p>\n","protected":false},"author":2,"featured_media":0,"parent":301,"menu_order":0,"comment_status":"closed","ping_status":"closed","template":"page-templates\/full-width.php","meta":[],"_links":{"self":[{"href":"https:\/\/darrigan.net\/blog\/wp-json\/wp\/v2\/pages\/311"}],"collection":[{"href":"https:\/\/darrigan.net\/blog\/wp-json\/wp\/v2\/pages"}],"about":[{"href":"https:\/\/darrigan.net\/blog\/wp-json\/wp\/v2\/types\/page"}],"author":[{"embeddable":true,"href":"https:\/\/darrigan.net\/blog\/wp-json\/wp\/v2\/users\/2"}],"replies":[{"embeddable":true,"href":"https:\/\/darrigan.net\/blog\/wp-json\/wp\/v2\/comments?post=311"}],"version-history":[{"count":17,"href":"https:\/\/darrigan.net\/blog\/wp-json\/wp\/v2\/pages\/311\/revisions"}],"predecessor-version":[{"id":1220,"href":"https:\/\/darrigan.net\/blog\/wp-json\/wp\/v2\/pages\/311\/revisions\/1220"}],"up":[{"embeddable":true,"href":"https:\/\/darrigan.net\/blog\/wp-json\/wp\/v2\/pages\/301"}],"wp:attachment":[{"href":"https:\/\/darrigan.net\/blog\/wp-json\/wp\/v2\/media?parent=311"}],"curies":[{"name":"wp","href":"https:\/\/api.w.org\/{rel}","templated":true}]}}