{"id":318,"date":"2013-12-15T19:12:01","date_gmt":"2013-12-15T18:12:01","guid":{"rendered":"http:\/\/darrigan.net\/blog\/?page_id=318"},"modified":"2024-04-02T10:08:09","modified_gmt":"2024-04-02T08:08:09","slug":"responsabilites-administratives","status":"publish","type":"page","link":"https:\/\/darrigan.net\/blog\/activites-universitaires\/responsabilites-administratives\/","title":{"rendered":"Responsabilit\u00e9s administratives"},"content":{"rendered":"<div class=\"item-page\">\n<h3><img decoding=\"async\" loading=\"lazy\" class=\"wp-image-860 alignright\" src=\"https:\/\/darrigan.net\/blog\/wp-content\/uploads\/2021\/03\/LogoUPPAcouleurRVB.png\" alt=\"\" width=\"198\" height=\"89\" srcset=\"https:\/\/darrigan.net\/blog\/wp-content\/uploads\/2021\/03\/LogoUPPAcouleurRVB.png 850w, https:\/\/darrigan.net\/blog\/wp-content\/uploads\/2021\/03\/LogoUPPAcouleurRVB-300x135.png 300w, https:\/\/darrigan.net\/blog\/wp-content\/uploads\/2021\/03\/LogoUPPAcouleurRVB-768x345.png 768w, https:\/\/darrigan.net\/blog\/wp-content\/uploads\/2021\/03\/LogoUPPAcouleurRVB-624x280.png 624w\" sizes=\"(max-width: 198px) 100vw, 198px\" \/>R\u00e9f\u00e9rent Patrimoine et collections universitaires<\/h3>\n<p>Depuis 2023.<\/p>\n<p>Administration du <a href=\"https:\/\/collections.univ-pau.fr\/pub\/index.php\" target=\"_blank\" rel=\"noopener\">Portail des collections de l&rsquo;UPPA<\/a> (gestion et valorisation des collections patrimoniales).<\/p>\n<h4>Charg\u00e9 de mission pour la promotion de la\u00a0culture scientifique et technique<\/h4>\n<p>De 2006 \u00e0 2008 et de 2009 \u00e0 2023.<\/p>\n<ul>\n<li>Cr\u00e9ation et maintenance du site Internet de la mission CST (voir les <a href=\"https:\/\/cst.univ-pau.fr\/fr\/actualites\/archives.html\" target=\"_blank\" rel=\"noopener\">archives<\/a>)<\/li>\n<li>Diffusion d&rsquo;actualit\u00e9s aupr\u00e8s des \u00e9tudiants, du personnel, du public ext\u00e9rieur<\/li>\n<li>Organisation et coordination d&rsquo;\u00e9v\u00e9nements de culture scientifique et technique, partenariat avec d&rsquo;autres structures<\/li>\n<li><a href=\"https:\/\/recherche.univ-pau.fr\/fr\/science-et-societe\/patrimoine-scientifique.html\" target=\"_blank\" rel=\"noopener\">Patrimoine scientifique et technique<\/a> : sensibilisation, pr\u00e9servation d&rsquo;appareils de laboratoire, valorisation<\/li>\n<\/ul>\n<p>2018 : cr\u00e9ation du projet et administration du <a href=\"https:\/\/collections.univ-pau.fr\/pub\/index.php\" target=\"_blank\" rel=\"noopener\">Portail des collections de l&rsquo;UPPA<\/a> (gestion et valorisation des collections patrimoniales). Inventaires, catalogages r\u00e9alis\u00e9s, valorisation et expositions :<\/p>\n<ul>\n<li>2006 : <a href=\"https:\/\/collections.univ-pau.fr\/pub\/index.php\/Detail\/collections\/34\" target=\"_blank\" rel=\"noopener\">Patrimoine scientifique et technique<\/a> de l&rsquo;UPPA (dont vitrines d&rsquo;exposition)<\/li>\n<li>2013 : <a href=\"https:\/\/collections.univ-pau.fr\/pub\/index.php\/Detail\/collections\/14\" target=\"_blank\" rel=\"noopener\">Fossiles<\/a> et <a href=\"https:\/\/collections.univ-pau.fr\/pub\/index.php\/Detail\/collections\/16\" target=\"_blank\" rel=\"noopener\">Roches et min\u00e9raux<\/a>, d\u00e9partement de g\u00e9ologie de l&rsquo;UPPA (mise en valeur sur le Portail des collection et vues 360\u00b0)<\/li>\n<li>2017 : <a href=\"https:\/\/collections.univ-pau.fr\/pub\/index.php\/Detail\/collections\/42\" target=\"_blank\" rel=\"noopener\">Archives audiovisuelles CAUPPA<\/a>, ex-service audio-visuel de l&rsquo;UPPA (dont num\u00e9risation de diapos et photos)<\/li>\n<li>2017 : <a href=\"https:\/\/collections.univ-pau.fr\/pub\/index.php\/Detail\/collections\/28\" target=\"_blank\" rel=\"noopener\">\u0152uvre du 1% artistique<\/a> et <a href=\"https:\/\/collections.univ-pau.fr\/pub\/index.php\/Detail\/collections\/46\" target=\"_blank\" rel=\"noopener\">\u0152uvres d&rsquo;art ind\u00e9pendantes<\/a>, UPPA<\/li>\n<li>2019 : Exposition sur le patrimoine informatique, <a href=\"https:\/\/cst.univ-pau.fr\/fr\/actualites\/archives\/actu2019\/expo-3615-uppa.html?search-keywords=3615+uppa\" target=\"_blank\" rel=\"noopener\">3615 UPPA<\/a><\/li>\n<li>2019\u00a0: Int\u00e9gration d\u2019images d\u2019archives issues de collections personnelles, en rapport avec l\u2019histoire de l\u2019universit\u00e9.<\/li>\n<li>2020\u00a0: Catalogage des <a class=\"simple\" href=\"https:\/\/collections.univ-pau.fr\/pub\/index.php\/Detail\/collections\/38\">instruments, de mat\u00e9riels de musique, des partitions<\/a>, des documents de l\u2019ancien d\u00e9partement de musique, par Marie-No\u00eblle Moyal et Clovis Darrigan.<\/li>\n<li>2022 : <a href=\"https:\/\/collections.univ-pau.fr\/pub\/index.php\/Detail\/collections\/58\" target=\"_blank\" rel=\"noopener\">Objets et documents de l&rsquo;IRAA<\/a><\/li>\n<li>2022 : Collection des disques vinyles, ex-d\u00e9partement de musique de l&rsquo;UPPA<\/li>\n<li>2023\u00a0: Catalogage des <a class=\"simple\" href=\"https:\/\/collections.univ-pau.fr\/pub\/index.php\/Detail\/collections\/48\">objets de g\u00e9ographie de l\u2019ancien laboratoire SET<\/a> (LRIU et CRISSA), r\u00e9alis\u00e9 par <a class=\"simple\" href=\"https:\/\/tree.univ-pau.fr\/fr\/organisation\/membres\/cv-dmontagne001-fr.html\">Delphine Montagne<\/a>, ing\u00e9nieure d\u2019\u00e9tude, avec la contribution de Monique Morales.<\/li>\n<li>2023\u00a0: Catalogage de la collection des <a class=\"simple\" href=\"https:\/\/collections.univ-pau.fr\/pub\/index.php\/Detail\/collections\/62\">roches et des min\u00e9raux du d\u00e9partement de g\u00e9ographie<\/a>.<\/li>\n<li>2023\u00a0: Mise en ligne des <a class=\"simple\" href=\"https:\/\/collections.univ-pau.fr\/pub\/index.php\/Browse\/storage_locations\">vitrines<\/a> et lien avec le <em>Portail des collections<\/em> par des QR-codes \u00e0 flasher.<\/li>\n<\/ul>\n<p>Depuis 2019 : parrain scientifique du <a href=\"https:\/\/college-innovant64.fr\/\" target=\"_blank\" rel=\"noopener\">coll\u00e8ge innovant Pierre Emmanuel<\/a> de Pau, dans le cadre du r\u00e9seau <a href=\"https:\/\/www.maisons-pour-la-science.org\/node\/1475454\" target=\"_blank\" rel=\"noopener\">Coll\u00e8ge pilote <em>La main \u00e0 la p\u00e2te<\/em><\/a>.<\/p>\n<h4>Responsable de la Licence 3<sup>e<\/sup> ann\u00e9e, Evaluation, gestion et traitement des pollutions (EGTP)<\/h4>\n<p>De 2011 \u00e0 2017.<\/p>\n<h4>Membre \u00e9lu au Conseil de l&rsquo;UFR Sciences et Techniques de Pau<\/h4>\n<p>De 2013 \u00e0 2017.<\/p>\n<\/div>\n","protected":false},"excerpt":{"rendered":"<p>R\u00e9f\u00e9rent Patrimoine et collections universitaires Depuis 2023. Administration du Portail des collections de l&rsquo;UPPA (gestion et valorisation des collections patrimoniales). Charg\u00e9 de mission pour la promotion de la\u00a0culture scientifique et technique De 2006 \u00e0 2008 et de 2009 \u00e0 2023. Cr\u00e9ation et maintenance du site Internet de la mission CST (voir les archives) Diffusion d&rsquo;actualit\u00e9s [&hellip;]<\/p>\n","protected":false},"author":2,"featured_media":0,"parent":307,"menu_order":0,"comment_status":"closed","ping_status":"closed","template":"page-templates\/full-width.php","meta":[],"_links":{"self":[{"href":"https:\/\/darrigan.net\/blog\/wp-json\/wp\/v2\/pages\/318"}],"collection":[{"href":"https:\/\/darrigan.net\/blog\/wp-json\/wp\/v2\/pages"}],"about":[{"href":"https:\/\/darrigan.net\/blog\/wp-json\/wp\/v2\/types\/page"}],"author":[{"embeddable":true,"href":"https:\/\/darrigan.net\/blog\/wp-json\/wp\/v2\/users\/2"}],"replies":[{"embeddable":true,"href":"https:\/\/darrigan.net\/blog\/wp-json\/wp\/v2\/comments?post=318"}],"version-history":[{"count":11,"href":"https:\/\/darrigan.net\/blog\/wp-json\/wp\/v2\/pages\/318\/revisions"}],"predecessor-version":[{"id":1085,"href":"https:\/\/darrigan.net\/blog\/wp-json\/wp\/v2\/pages\/318\/revisions\/1085"}],"up":[{"embeddable":true,"href":"https:\/\/darrigan.net\/blog\/wp-json\/wp\/v2\/pages\/307"}],"wp:attachment":[{"href":"https:\/\/darrigan.net\/blog\/wp-json\/wp\/v2\/media?parent=318"}],"curies":[{"name":"wp","href":"https:\/\/api.w.org\/{rel}","templated":true}]}}